{"id":2584,"date":"2018-08-21T11:48:24","date_gmt":"2018-08-21T11:48:24","guid":{"rendered":"http:\/\/cobame.net\/?page_id=2584"},"modified":"2024-03-07T10:08:13","modified_gmt":"2024-03-07T09:08:13","slug":"proyectos","status":"publish","type":"page","link":"http:\/\/cobame.net\/es\/","title":{"rendered":"Proyectos"},"content":{"rendered":"<p>[vc_row][vc_column]<div class=\"column_filters\"><div class=\"portfolio_wrapper isotope_wrapper \"><ul class=\"portfolio_group lm_wrapper isotope col-3 grid\"><li class=\"portfolio-item isotope-item category-construccio  has-thumbnail\"><div class=\"portfolio-item-fw-bg\" style=\"\"><div class=\"portfolio-item-fill\"><\/div><div class=\"list_style_header\"><h3 class=\"entry-title\" itemprop=\"headline\"><a class=\"link\" href=\"http:\/\/cobame.net\/es\/proyecto\/hidraulic\/\">HIDR\u00c1ULICO<\/a><\/h3><div class=\"links_wrapper\"><a href=\"#\" class=\"button the-icon portfolio_prev_js\"><span class=\"button_icon\"><i class=\"icon-up-open\"><\/i><\/span><\/a><a href=\"#\" class=\"button the-icon portfolio_next_js\"><span class=\"button_icon\"><i class=\"icon-down-open\"><\/i><\/span><\/a><a href=\"http:\/\/cobame.net\/es\/proyecto\/hidraulic\/\" class=\"button button_theme has-icon\"><span class=\"button_icon\"><i class=\"icon-link\"><\/i><\/span><span class=\"button_label\">Read more<\/span><\/a><\/div><\/div><div class=\"image_frame scale-with-grid\"><div class=\"image_wrapper\"><a href=\"http:\/\/cobame.net\/es\/proyecto\/hidraulic\/\"><div class=\"mask\"><\/div><img width=\"600\" height=\"600\" src=\"http:\/\/cobame.net\/wp-content\/uploads\/2024\/03\/Hidraulic-1-1-600x600.jpg\" class=\"scale-with-grid wp-post-image\" alt=\"Hidr\u00e0ulic\" loading=\"lazy\" srcset=\"http:\/\/cobame.net\/wp-content\/uploads\/2024\/03\/Hidraulic-1-1-600x600.jpg 600w, http:\/\/cobame.net\/wp-content\/uploads\/2024\/03\/Hidraulic-1-1-150x150.jpg 150w, http:\/\/cobame.net\/wp-content\/uploads\/2024\/03\/Hidraulic-1-1-85x85.jpg 85w, http:\/\/cobame.net\/wp-content\/uploads\/2024\/03\/Hidraulic-1-1-80x80.jpg 80w, http:\/\/cobame.net\/wp-content\/uploads\/2024\/03\/Hidraulic-1-1-800x800.jpg 800w\" sizes=\"(max-width: 600px) 100vw, 600px\" \/><\/a><div class=\"image_links hover-title\"><a href=\"http:\/\/cobame.net\/es\/proyecto\/hidraulic\/\">HIDR\u00c1ULICO<\/a><\/div><\/div><\/div><div class=\"desc\"><div class=\"title_wrapper\"><h5 class=\"entry-title\" itemprop=\"headline\"><a class=\"link\" href=\"http:\/\/cobame.net\/es\/proyecto\/hidraulic\/\">HIDR\u00c1ULICO<\/a><\/h5><div class=\"button-love\"><\/div><\/div><div class=\"details-wrapper\"><dl><\/dl><\/div><div class=\"desc-wrapper\">[vc_row][vc_column width=&#8221;2\/3&#8243;][vc_single_image source=&#8221;featured_image&#8221; img_size=&#8221;full&#8221; onclick=&#8221;link_image&#8221;][\/vc_column][vc_column width=&#8221;1\/3&#8243; el_class=&#8221;desc-portafoli&#8221;][vc_custom_heading source=&#8221;post_title&#8221; font_container=&#8221;tag:h1|text_align:left|color:%230a0a0a&#8221; use_theme_fonts=&#8221;yes&#8221;][vc_column_text el_class=&#8221;big&#8221;] Barcelona Reforma interior Construcci\u00f3n [\/vc_column_text][vc_column_text] En este proyecto se han puesto en valor los elementos<span class=\"excerpt-hellip\"> [\u2026]<\/span><\/div><\/div><\/div><\/li><li class=\"portfolio-item isotope-item category-construccio category-reforma-interior  has-thumbnail\"><div class=\"portfolio-item-fw-bg\" style=\"\"><div class=\"portfolio-item-fill\"><\/div><div class=\"list_style_header\"><h3 class=\"entry-title\" itemprop=\"headline\"><a class=\"link\" href=\"http:\/\/cobame.net\/es\/proyecto\/2bcn\/\">2BCN<\/a><\/h3><div class=\"links_wrapper\"><a href=\"#\" class=\"button the-icon portfolio_prev_js\"><span class=\"button_icon\"><i class=\"icon-up-open\"><\/i><\/span><\/a><a href=\"#\" class=\"button the-icon portfolio_next_js\"><span class=\"button_icon\"><i class=\"icon-down-open\"><\/i><\/span><\/a><a href=\"http:\/\/cobame.net\/es\/proyecto\/2bcn\/\" class=\"button button_theme has-icon\"><span class=\"button_icon\"><i class=\"icon-link\"><\/i><\/span><span class=\"button_label\">Read more<\/span><\/a><\/div><\/div><div class=\"image_frame scale-with-grid\"><div class=\"image_wrapper\"><a href=\"http:\/\/cobame.net\/es\/proyecto\/2bcn\/\"><div class=\"mask\"><\/div><img width=\"600\" height=\"600\" src=\"http:\/\/cobame.net\/wp-content\/uploads\/2024\/03\/2BCN-1-600x600.jpg\" class=\"scale-with-grid wp-post-image\" alt=\"2BCN\" loading=\"lazy\" srcset=\"http:\/\/cobame.net\/wp-content\/uploads\/2024\/03\/2BCN-1-600x600.jpg 600w, http:\/\/cobame.net\/wp-content\/uploads\/2024\/03\/2BCN-1-150x150.jpg 150w, http:\/\/cobame.net\/wp-content\/uploads\/2024\/03\/2BCN-1-85x85.jpg 85w, http:\/\/cobame.net\/wp-content\/uploads\/2024\/03\/2BCN-1-80x80.jpg 80w, http:\/\/cobame.net\/wp-content\/uploads\/2024\/03\/2BCN-1-800x800.jpg 800w\" sizes=\"(max-width: 600px) 100vw, 600px\" \/><\/a><div class=\"image_links hover-title\"><a href=\"http:\/\/cobame.net\/es\/proyecto\/2bcn\/\">2BCN<\/a><\/div><\/div><\/div><div class=\"desc\"><div class=\"title_wrapper\"><h5 class=\"entry-title\" itemprop=\"headline\"><a class=\"link\" href=\"http:\/\/cobame.net\/es\/proyecto\/2bcn\/\">2BCN<\/a><\/h5><div class=\"button-love\"><\/div><\/div><div class=\"details-wrapper\"><dl><\/dl><\/div><div class=\"desc-wrapper\">[vc_row][vc_column width=&#8221;2\/3&#8243;][vc_single_image source=&#8221;featured_image&#8221; img_size=&#8221;full&#8221; onclick=&#8221;link_image&#8221;][vc_gallery type=&#8221;image_grid&#8221; images=&#8221;3003,3005,3007,3009,3011,3013,3015,3017,3019,3021,3023,3025&#8243; img_size=&#8221;300&#215;300&#8243;][\/vc_column][vc_column width=&#8221;1\/3&#8243; el_class=&#8221;desc-portafoli&#8221;][vc_custom_heading source=&#8221;post_title&#8221; font_container=&#8221;tag:h1|text_align:left|color:%230a0a0a&#8221; use_theme_fonts=&#8221;yes&#8221;][vc_column_text el_class=&#8221;big&#8221;] Barcelona Reforma interior Construcci\u00f3n [\/vc_column_text][vc_column_text] El objetivo de la reforma de esta<span class=\"excerpt-hellip\"> [\u2026]<\/span><\/div><\/div><\/div><\/li><li class=\"portfolio-item isotope-item category-arquitectura category-construccio category-reforma-interior  has-thumbnail\"><div class=\"portfolio-item-fw-bg\" style=\"\"><div class=\"portfolio-item-fill\"><\/div><div class=\"list_style_header\"><h3 class=\"entry-title\" itemprop=\"headline\"><a class=\"link\" href=\"http:\/\/cobame.net\/es\/proyecto\/les-corts\/\">LES CORTS<\/a><\/h3><div class=\"links_wrapper\"><a href=\"#\" class=\"button the-icon portfolio_prev_js\"><span class=\"button_icon\"><i class=\"icon-up-open\"><\/i><\/span><\/a><a href=\"#\" class=\"button the-icon portfolio_next_js\"><span class=\"button_icon\"><i class=\"icon-down-open\"><\/i><\/span><\/a><a href=\"http:\/\/cobame.net\/es\/proyecto\/les-corts\/\" class=\"button button_theme has-icon\"><span class=\"button_icon\"><i class=\"icon-link\"><\/i><\/span><span class=\"button_label\">Read more<\/span><\/a><\/div><\/div><div class=\"image_frame scale-with-grid\"><div class=\"image_wrapper\"><a href=\"http:\/\/cobame.net\/es\/proyecto\/les-corts\/\"><div class=\"mask\"><\/div><img width=\"600\" height=\"600\" src=\"http:\/\/cobame.net\/wp-content\/uploads\/2024\/03\/Les-Corts-1-600x600.jpg\" class=\"scale-with-grid wp-post-image\" alt=\"Les Corts\" loading=\"lazy\" srcset=\"http:\/\/cobame.net\/wp-content\/uploads\/2024\/03\/Les-Corts-1-600x600.jpg 600w, http:\/\/cobame.net\/wp-content\/uploads\/2024\/03\/Les-Corts-1-150x150.jpg 150w, http:\/\/cobame.net\/wp-content\/uploads\/2024\/03\/Les-Corts-1-85x85.jpg 85w, http:\/\/cobame.net\/wp-content\/uploads\/2024\/03\/Les-Corts-1-80x80.jpg 80w, http:\/\/cobame.net\/wp-content\/uploads\/2024\/03\/Les-Corts-1-800x800.jpg 800w\" sizes=\"(max-width: 600px) 100vw, 600px\" \/><\/a><div class=\"image_links hover-title\"><a href=\"http:\/\/cobame.net\/es\/proyecto\/les-corts\/\">LES CORTS<\/a><\/div><\/div><\/div><div class=\"desc\"><div class=\"title_wrapper\"><h5 class=\"entry-title\" itemprop=\"headline\"><a class=\"link\" href=\"http:\/\/cobame.net\/es\/proyecto\/les-corts\/\">LES CORTS<\/a><\/h5><div class=\"button-love\"><\/div><\/div><div class=\"details-wrapper\"><dl><\/dl><\/div><div class=\"desc-wrapper\">[vc_row][vc_column width=&#8221;2\/3&#8243;][vc_single_image source=&#8221;featured_image&#8221; img_size=&#8221;full&#8221; onclick=&#8221;link_image&#8221;][\/vc_column][vc_column width=&#8221;1\/3&#8243; el_class=&#8221;desc-portafoli&#8221;][vc_custom_heading source=&#8221;post_title&#8221; font_container=&#8221;tag:h1|text_align:left|color:%230a0a0a&#8221; use_theme_fonts=&#8221;yes&#8221;][vc_column_text el_class=&#8221;big&#8221;] Barcelona Reforma interior Arquitectura y Construcci\u00f3n [\/vc_column_text][vc_column_text] El proyecto de Les Corts consta de la<span class=\"excerpt-hellip\"> [\u2026]<\/span><\/div><\/div><\/div><\/li><li class=\"portfolio-item isotope-item category-construccio category-reforma-interior  has-thumbnail\"><div class=\"portfolio-item-fw-bg\" style=\"\"><div class=\"portfolio-item-fill\"><\/div><div class=\"list_style_header\"><h3 class=\"entry-title\" itemprop=\"headline\"><a class=\"link\" href=\"http:\/\/cobame.net\/es\/proyecto\/3bcn\/\">3BCN<\/a><\/h3><div class=\"links_wrapper\"><a href=\"#\" class=\"button the-icon portfolio_prev_js\"><span class=\"button_icon\"><i class=\"icon-up-open\"><\/i><\/span><\/a><a href=\"#\" class=\"button the-icon portfolio_next_js\"><span class=\"button_icon\"><i class=\"icon-down-open\"><\/i><\/span><\/a><a href=\"http:\/\/cobame.net\/es\/proyecto\/3bcn\/\" class=\"button button_theme has-icon\"><span class=\"button_icon\"><i class=\"icon-link\"><\/i><\/span><span class=\"button_label\">Read more<\/span><\/a><\/div><\/div><div class=\"image_frame scale-with-grid\"><div class=\"image_wrapper\"><a href=\"http:\/\/cobame.net\/es\/proyecto\/3bcn\/\"><div class=\"mask\"><\/div><img width=\"600\" height=\"600\" src=\"http:\/\/cobame.net\/wp-content\/uploads\/2024\/03\/3BCN-1-600x600.jpg\" class=\"scale-with-grid wp-post-image\" alt=\"3BCN\" loading=\"lazy\" srcset=\"http:\/\/cobame.net\/wp-content\/uploads\/2024\/03\/3BCN-1-600x600.jpg 600w, http:\/\/cobame.net\/wp-content\/uploads\/2024\/03\/3BCN-1-150x150.jpg 150w, http:\/\/cobame.net\/wp-content\/uploads\/2024\/03\/3BCN-1-85x85.jpg 85w, http:\/\/cobame.net\/wp-content\/uploads\/2024\/03\/3BCN-1-80x80.jpg 80w, http:\/\/cobame.net\/wp-content\/uploads\/2024\/03\/3BCN-1-800x800.jpg 800w\" sizes=\"(max-width: 600px) 100vw, 600px\" \/><\/a><div class=\"image_links hover-title\"><a href=\"http:\/\/cobame.net\/es\/proyecto\/3bcn\/\">3BCN<\/a><\/div><\/div><\/div><div class=\"desc\"><div class=\"title_wrapper\"><h5 class=\"entry-title\" itemprop=\"headline\"><a class=\"link\" href=\"http:\/\/cobame.net\/es\/proyecto\/3bcn\/\">3BCN<\/a><\/h5><div class=\"button-love\"><\/div><\/div><div class=\"details-wrapper\"><dl><\/dl><\/div><div class=\"desc-wrapper\">[vc_row][vc_column width=&#8221;2\/3&#8243;][vc_single_image source=&#8221;featured_image&#8221; img_size=&#8221;full&#8221; onclick=&#8221;link_image&#8221;][\/vc_column][vc_column width=&#8221;1\/3&#8243; el_class=&#8221;desc-portafoli&#8221;][vc_custom_heading source=&#8221;post_title&#8221; font_container=&#8221;tag:h1|text_align:left|color:%230a0a0a&#8221; use_theme_fonts=&#8221;yes&#8221;][vc_column_text el_class=&#8221;big&#8221;] Barcelona Reforma interior Construcci\u00f3n [\/vc_column_text][vc_column_text] El objetivo de esta reforma es la renovaci\u00f3n del interior<span class=\"excerpt-hellip\"> [\u2026]<\/span><\/div><\/div><\/div><\/li><li class=\"portfolio-item isotope-item category-arquitectura category-construccio category-reforma-interior  has-thumbnail\"><div class=\"portfolio-item-fw-bg\" style=\"\"><div class=\"portfolio-item-fill\"><\/div><div class=\"list_style_header\"><h3 class=\"entry-title\" itemprop=\"headline\"><a class=\"link\" href=\"http:\/\/cobame.net\/es\/proyecto\/atic\/\">\u00c1TICO<\/a><\/h3><div class=\"links_wrapper\"><a href=\"#\" class=\"button the-icon portfolio_prev_js\"><span class=\"button_icon\"><i class=\"icon-up-open\"><\/i><\/span><\/a><a href=\"#\" class=\"button the-icon portfolio_next_js\"><span class=\"button_icon\"><i class=\"icon-down-open\"><\/i><\/span><\/a><a href=\"http:\/\/cobame.net\/es\/proyecto\/atic\/\" class=\"button button_theme has-icon\"><span class=\"button_icon\"><i class=\"icon-link\"><\/i><\/span><span class=\"button_label\">Read more<\/span><\/a><\/div><\/div><div class=\"image_frame scale-with-grid\"><div class=\"image_wrapper\"><a href=\"http:\/\/cobame.net\/es\/proyecto\/atic\/\"><div class=\"mask\"><\/div><img width=\"600\" height=\"600\" src=\"http:\/\/cobame.net\/wp-content\/uploads\/2024\/03\/Atic-1-600x600.jpg\" class=\"scale-with-grid wp-post-image\" alt=\"\u00c0tic\" loading=\"lazy\" srcset=\"http:\/\/cobame.net\/wp-content\/uploads\/2024\/03\/Atic-1-600x600.jpg 600w, http:\/\/cobame.net\/wp-content\/uploads\/2024\/03\/Atic-1-150x150.jpg 150w, http:\/\/cobame.net\/wp-content\/uploads\/2024\/03\/Atic-1-85x85.jpg 85w, http:\/\/cobame.net\/wp-content\/uploads\/2024\/03\/Atic-1-80x80.jpg 80w, http:\/\/cobame.net\/wp-content\/uploads\/2024\/03\/Atic-1-800x800.jpg 800w\" sizes=\"(max-width: 600px) 100vw, 600px\" \/><\/a><div class=\"image_links hover-title\"><a href=\"http:\/\/cobame.net\/es\/proyecto\/atic\/\">\u00c1TICO<\/a><\/div><\/div><\/div><div class=\"desc\"><div class=\"title_wrapper\"><h5 class=\"entry-title\" itemprop=\"headline\"><a class=\"link\" href=\"http:\/\/cobame.net\/es\/proyecto\/atic\/\">\u00c1TICO<\/a><\/h5><div class=\"button-love\"><\/div><\/div><div class=\"details-wrapper\"><dl><\/dl><\/div><div class=\"desc-wrapper\">[vc_row][vc_column width=&#8221;2\/3&#8243;][vc_single_image source=&#8221;featured_image&#8221; img_size=&#8221;full&#8221; onclick=&#8221;link_image&#8221;][vc_gallery type=&#8221;image_grid&#8221; images=&#8221;3087,3089,3101,3091,3093,3095,3097&#8243; img_size=&#8221;300&#215;300&#8243;][\/vc_column][vc_column width=&#8221;1\/3&#8243; el_class=&#8221;desc-portafoli&#8221;][vc_custom_heading source=&#8221;post_title&#8221; font_container=&#8221;tag:h1|text_align:left|color:%230a0a0a&#8221; use_theme_fonts=&#8221;yes&#8221;][vc_column_text el_class=&#8221;big&#8221;] Barcelona Ampliaci\u00f3n y Reforma interior Arquitectura y Construcci\u00f3n [\/vc_column_text][vc_column_text] El proyecto \u00e1tico<span class=\"excerpt-hellip\"> [\u2026]<\/span><\/div><\/div><\/div><\/li><li class=\"portfolio-item isotope-item category-arquitectura category-construccio category-reforma-integral-es  has-thumbnail\"><div class=\"portfolio-item-fw-bg\" style=\"\"><div class=\"portfolio-item-fill\"><\/div><div class=\"list_style_header\"><h3 class=\"entry-title\" itemprop=\"headline\"><a class=\"link\" href=\"http:\/\/cobame.net\/es\/proyecto\/migjorn\/\">MIGJORN<\/a><\/h3><div class=\"links_wrapper\"><a href=\"#\" class=\"button the-icon portfolio_prev_js\"><span class=\"button_icon\"><i class=\"icon-up-open\"><\/i><\/span><\/a><a href=\"#\" class=\"button the-icon portfolio_next_js\"><span class=\"button_icon\"><i class=\"icon-down-open\"><\/i><\/span><\/a><a href=\"http:\/\/cobame.net\/es\/proyecto\/migjorn\/\" class=\"button button_theme has-icon\"><span class=\"button_icon\"><i class=\"icon-link\"><\/i><\/span><span class=\"button_label\">Read more<\/span><\/a><\/div><\/div><div class=\"image_frame scale-with-grid\"><div class=\"image_wrapper\"><a href=\"http:\/\/cobame.net\/es\/proyecto\/migjorn\/\"><div class=\"mask\"><\/div><img width=\"600\" height=\"600\" src=\"http:\/\/cobame.net\/wp-content\/uploads\/2021\/10\/Portada-Migjorn-600x600.jpg\" class=\"scale-with-grid wp-post-image\" alt=\"Portada mitjorn\" loading=\"lazy\" srcset=\"http:\/\/cobame.net\/wp-content\/uploads\/2021\/10\/Portada-Migjorn-600x600.jpg 600w, http:\/\/cobame.net\/wp-content\/uploads\/2021\/10\/Portada-Migjorn-300x300.jpg 300w, http:\/\/cobame.net\/wp-content\/uploads\/2021\/10\/Portada-Migjorn-150x150.jpg 150w, http:\/\/cobame.net\/wp-content\/uploads\/2021\/10\/Portada-Migjorn-768x768.jpg 768w, http:\/\/cobame.net\/wp-content\/uploads\/2021\/10\/Portada-Migjorn-146x146.jpg 146w, http:\/\/cobame.net\/wp-content\/uploads\/2021\/10\/Portada-Migjorn-50x50.jpg 50w, http:\/\/cobame.net\/wp-content\/uploads\/2021\/10\/Portada-Migjorn-75x75.jpg 75w, http:\/\/cobame.net\/wp-content\/uploads\/2021\/10\/Portada-Migjorn-85x85.jpg 85w, http:\/\/cobame.net\/wp-content\/uploads\/2021\/10\/Portada-Migjorn-80x80.jpg 80w, http:\/\/cobame.net\/wp-content\/uploads\/2021\/10\/Portada-Migjorn-500x500.jpg 500w, http:\/\/cobame.net\/wp-content\/uploads\/2021\/10\/Portada-Migjorn-800x800.jpg 800w, http:\/\/cobame.net\/wp-content\/uploads\/2021\/10\/Portada-Migjorn.jpg 850w\" sizes=\"(max-width: 600px) 100vw, 600px\" \/><\/a><div class=\"image_links hover-title\"><a href=\"http:\/\/cobame.net\/es\/proyecto\/migjorn\/\">MIGJORN<\/a><\/div><\/div><\/div><div class=\"desc\"><div class=\"title_wrapper\"><h5 class=\"entry-title\" itemprop=\"headline\"><a class=\"link\" href=\"http:\/\/cobame.net\/es\/proyecto\/migjorn\/\">MIGJORN<\/a><\/h5><div class=\"button-love\"><\/div><\/div><div class=\"details-wrapper\"><dl><\/dl><\/div><div class=\"desc-wrapper\">[vc_row][vc_column width=&#8221;2\/3&#8243;][vc_single_image source=&#8221;featured_image&#8221; img_size=&#8221;full&#8221; onclick=&#8221;link_image&#8221;][vc_gallery type=&#8221;image_grid&#8221; images=&#8221;2835,2831,2833,2837,2839,2841,2843,2845,2847,2849,2851,2853,2855&#8243; img_size=&#8221;300&#215;300&#8243;][\/vc_column][vc_column width=&#8221;1\/3&#8243; el_class=&#8221;desc-portafoli&#8221;][vc_custom_heading source=&#8221;post_title&#8221; font_container=&#8221;tag:h1|text_align:left|color:%230a0a0a&#8221; use_theme_fonts=&#8221;yes&#8221;][vc_column_text el_class=&#8221;big&#8221;] Badalona Reforma integral Arquitectura y Construcci\u00f3n [\/vc_column_text][vc_column_text] El objetivo de este proyecto<span class=\"excerpt-hellip\"> [\u2026]<\/span><\/div><\/div><\/div><\/li><li class=\"portfolio-item isotope-item category-arquitectura category-construccio category-reforma-interior  has-thumbnail\"><div class=\"portfolio-item-fw-bg\" style=\"\"><div class=\"portfolio-item-fill\"><\/div><div class=\"list_style_header\"><h3 class=\"entry-title\" itemprop=\"headline\"><a class=\"link\" href=\"http:\/\/cobame.net\/es\/proyecto\/comte-borrell\/\">COMTE BORRELL<\/a><\/h3><div class=\"links_wrapper\"><a href=\"#\" class=\"button the-icon portfolio_prev_js\"><span class=\"button_icon\"><i class=\"icon-up-open\"><\/i><\/span><\/a><a href=\"#\" class=\"button the-icon portfolio_next_js\"><span class=\"button_icon\"><i class=\"icon-down-open\"><\/i><\/span><\/a><a href=\"http:\/\/cobame.net\/es\/proyecto\/comte-borrell\/\" class=\"button button_theme has-icon\"><span class=\"button_icon\"><i class=\"icon-link\"><\/i><\/span><span class=\"button_label\">Read more<\/span><\/a><\/div><\/div><div class=\"image_frame scale-with-grid\"><div class=\"image_wrapper\"><a href=\"http:\/\/cobame.net\/es\/proyecto\/comte-borrell\/\"><div class=\"mask\"><\/div><img width=\"600\" height=\"600\" src=\"http:\/\/cobame.net\/wp-content\/uploads\/2018\/08\/Comte-Borrell-600x600.jpg\" class=\"scale-with-grid wp-post-image\" alt=\"\" loading=\"lazy\" srcset=\"http:\/\/cobame.net\/wp-content\/uploads\/2018\/08\/Comte-Borrell-600x600.jpg 600w, http:\/\/cobame.net\/wp-content\/uploads\/2018\/08\/Comte-Borrell-150x150.jpg 150w, http:\/\/cobame.net\/wp-content\/uploads\/2018\/08\/Comte-Borrell-300x300.jpg 300w, http:\/\/cobame.net\/wp-content\/uploads\/2018\/08\/Comte-Borrell-768x768.jpg 768w, http:\/\/cobame.net\/wp-content\/uploads\/2018\/08\/Comte-Borrell-1024x1024.jpg 1024w, http:\/\/cobame.net\/wp-content\/uploads\/2018\/08\/Comte-Borrell-146x146.jpg 146w, http:\/\/cobame.net\/wp-content\/uploads\/2018\/08\/Comte-Borrell-50x50.jpg 50w, http:\/\/cobame.net\/wp-content\/uploads\/2018\/08\/Comte-Borrell-75x75.jpg 75w, http:\/\/cobame.net\/wp-content\/uploads\/2018\/08\/Comte-Borrell-85x85.jpg 85w, http:\/\/cobame.net\/wp-content\/uploads\/2018\/08\/Comte-Borrell-80x80.jpg 80w, http:\/\/cobame.net\/wp-content\/uploads\/2018\/08\/Comte-Borrell.jpg 1200w\" sizes=\"(max-width: 600px) 100vw, 600px\" \/><\/a><div class=\"image_links hover-title\"><a href=\"http:\/\/cobame.net\/es\/proyecto\/comte-borrell\/\">COMTE BORRELL<\/a><\/div><\/div><\/div><div class=\"desc\"><div class=\"title_wrapper\"><h5 class=\"entry-title\" itemprop=\"headline\"><a class=\"link\" href=\"http:\/\/cobame.net\/es\/proyecto\/comte-borrell\/\">COMTE BORRELL<\/a><\/h5><div class=\"button-love\"><\/div><\/div><div class=\"details-wrapper\"><dl><\/dl><\/div><div class=\"desc-wrapper\">[vc_row][vc_column width=&#8221;2\/3&#8243;][vc_single_image source=&#8221;featured_image&#8221; img_size=&#8221;full&#8221; onclick=&#8221;link_image&#8221;][\/vc_column][vc_column width=&#8221;1\/3&#8243; el_class=&#8221;desc-portafoli&#8221;][vc_custom_heading source=&#8221;post_title&#8221; font_container=&#8221;tag:h1|text_align:left|color:%230a0a0a&#8221; use_theme_fonts=&#8221;yes&#8221;][vc_column_text el_class=&#8221;big&#8221;] Barcelona Reforma interior Arquitectura y Construcci\u00f3n [\/vc_column_text][vc_column_text] La reforma de esta vivienda tiene como objetivo<span class=\"excerpt-hellip\"> [\u2026]<\/span><\/div><\/div><\/div><\/li><li class=\"portfolio-item isotope-item category-arquitectura category-construccio category-reforma-integral-es  has-thumbnail\"><div class=\"portfolio-item-fw-bg\" style=\"\"><div class=\"portfolio-item-fill\"><\/div><div class=\"list_style_header\"><h3 class=\"entry-title\" itemprop=\"headline\"><a class=\"link\" href=\"http:\/\/cobame.net\/es\/proyecto\/premia-de-mar\/\">PREMI\u00c0 DE MAR<\/a><\/h3><div class=\"links_wrapper\"><a href=\"#\" class=\"button the-icon portfolio_prev_js\"><span class=\"button_icon\"><i class=\"icon-up-open\"><\/i><\/span><\/a><a href=\"#\" class=\"button the-icon portfolio_next_js\"><span class=\"button_icon\"><i class=\"icon-down-open\"><\/i><\/span><\/a><a href=\"http:\/\/cobame.net\/es\/proyecto\/premia-de-mar\/\" class=\"button button_theme has-icon\"><span class=\"button_icon\"><i class=\"icon-link\"><\/i><\/span><span class=\"button_label\">Read more<\/span><\/a><\/div><\/div><div class=\"image_frame scale-with-grid\"><div class=\"image_wrapper\"><a href=\"http:\/\/cobame.net\/es\/proyecto\/premia-de-mar\/\"><div class=\"mask\"><\/div><img width=\"600\" height=\"600\" src=\"http:\/\/cobame.net\/wp-content\/uploads\/2021\/10\/3-600x600.jpg\" class=\"scale-with-grid wp-post-image\" alt=\"\" loading=\"lazy\" srcset=\"http:\/\/cobame.net\/wp-content\/uploads\/2021\/10\/3-600x600.jpg 600w, http:\/\/cobame.net\/wp-content\/uploads\/2021\/10\/3-150x150.jpg 150w, http:\/\/cobame.net\/wp-content\/uploads\/2021\/10\/3-85x85.jpg 85w, http:\/\/cobame.net\/wp-content\/uploads\/2021\/10\/3-80x80.jpg 80w, http:\/\/cobame.net\/wp-content\/uploads\/2021\/10\/3-800x800.jpg 800w\" sizes=\"(max-width: 600px) 100vw, 600px\" \/><\/a><div class=\"image_links hover-title\"><a href=\"http:\/\/cobame.net\/es\/proyecto\/premia-de-mar\/\">PREMI\u00c0 DE MAR<\/a><\/div><\/div><\/div><div class=\"desc\"><div class=\"title_wrapper\"><h5 class=\"entry-title\" itemprop=\"headline\"><a class=\"link\" href=\"http:\/\/cobame.net\/es\/proyecto\/premia-de-mar\/\">PREMI\u00c0 DE MAR<\/a><\/h5><div class=\"button-love\"><\/div><\/div><div class=\"details-wrapper\"><dl><\/dl><\/div><div class=\"desc-wrapper\">[vc_row][vc_column width=&#8221;2\/3&#8243;][vc_single_image source=&#8221;featured_image&#8221; img_size=&#8221;full&#8221; onclick=&#8221;link_image&#8221;][vc_gallery type=&#8221;image_grid&#8221; images=&#8221;2807,2809,2811,2813,2815,2817,2819,2821,2823,2825,2827&#8243; img_size=&#8221;300&#215;300&#8243;][\/vc_column][vc_column width=&#8221;1\/3&#8243; el_class=&#8221;desc-portafoli&#8221;][vc_custom_heading source=&#8221;post_title&#8221; font_container=&#8221;tag:h1|text_align:left|color:%230a0a0a&#8221; use_theme_fonts=&#8221;yes&#8221;][vc_column_text el_class=&#8221;big&#8221;] Premi\u00e0 de Mar Reforma integral Arquitectura y Construcci\u00f3n [\/vc_column_text][vc_column_text] El objetivo de<span class=\"excerpt-hellip\"> [\u2026]<\/span><\/div><\/div><\/div><\/li><li class=\"portfolio-item isotope-item category-arquitectura category-construccio category-rehabilitacion-de-fachada  has-thumbnail\"><div class=\"portfolio-item-fw-bg\" style=\"\"><div class=\"portfolio-item-fill\"><\/div><div class=\"list_style_header\"><h3 class=\"entry-title\" itemprop=\"headline\"><a class=\"link\" href=\"http:\/\/cobame.net\/es\/proyecto\/valencia\/\">VALENCIA<\/a><\/h3><div class=\"links_wrapper\"><a href=\"#\" class=\"button the-icon portfolio_prev_js\"><span class=\"button_icon\"><i class=\"icon-up-open\"><\/i><\/span><\/a><a href=\"#\" class=\"button the-icon portfolio_next_js\"><span class=\"button_icon\"><i class=\"icon-down-open\"><\/i><\/span><\/a><a href=\"http:\/\/cobame.net\/es\/proyecto\/valencia\/\" class=\"button button_theme has-icon\"><span class=\"button_icon\"><i class=\"icon-link\"><\/i><\/span><span class=\"button_label\">Read more<\/span><\/a><\/div><\/div><div class=\"image_frame scale-with-grid\"><div class=\"image_wrapper\"><a href=\"http:\/\/cobame.net\/es\/proyecto\/valencia\/\"><div class=\"mask\"><\/div><img width=\"600\" height=\"600\" src=\"http:\/\/cobame.net\/wp-content\/uploads\/2021\/10\/Portada-Valencia-600x600.jpg\" class=\"scale-with-grid wp-post-image\" alt=\"Portada Valencia\" loading=\"lazy\" srcset=\"http:\/\/cobame.net\/wp-content\/uploads\/2021\/10\/Portada-Valencia-600x600.jpg 600w, http:\/\/cobame.net\/wp-content\/uploads\/2021\/10\/Portada-Valencia-300x300.jpg 300w, http:\/\/cobame.net\/wp-content\/uploads\/2021\/10\/Portada-Valencia-150x150.jpg 150w, http:\/\/cobame.net\/wp-content\/uploads\/2021\/10\/Portada-Valencia-768x768.jpg 768w, http:\/\/cobame.net\/wp-content\/uploads\/2021\/10\/Portada-Valencia-146x146.jpg 146w, http:\/\/cobame.net\/wp-content\/uploads\/2021\/10\/Portada-Valencia-50x50.jpg 50w, http:\/\/cobame.net\/wp-content\/uploads\/2021\/10\/Portada-Valencia-75x75.jpg 75w, http:\/\/cobame.net\/wp-content\/uploads\/2021\/10\/Portada-Valencia-85x85.jpg 85w, http:\/\/cobame.net\/wp-content\/uploads\/2021\/10\/Portada-Valencia-80x80.jpg 80w, http:\/\/cobame.net\/wp-content\/uploads\/2021\/10\/Portada-Valencia-500x500.jpg 500w, http:\/\/cobame.net\/wp-content\/uploads\/2021\/10\/Portada-Valencia-800x800.jpg 800w, http:\/\/cobame.net\/wp-content\/uploads\/2021\/10\/Portada-Valencia.jpg 850w\" sizes=\"(max-width: 600px) 100vw, 600px\" \/><\/a><div class=\"image_links hover-title\"><a href=\"http:\/\/cobame.net\/es\/proyecto\/valencia\/\">VALENCIA<\/a><\/div><\/div><\/div><div class=\"desc\"><div class=\"title_wrapper\"><h5 class=\"entry-title\" itemprop=\"headline\"><a class=\"link\" href=\"http:\/\/cobame.net\/es\/proyecto\/valencia\/\">VALENCIA<\/a><\/h5><div class=\"button-love\"><\/div><\/div><div class=\"details-wrapper\"><dl><\/dl><\/div><div class=\"desc-wrapper\">[vc_row][vc_column width=&#8221;2\/3&#8243;][vc_single_image source=&#8221;featured_image&#8221; img_size=&#8221;full&#8221; onclick=&#8221;link_image&#8221;][vc_gallery type=&#8221;image_grid&#8221; images=&#8221;2777,2779,2781,2783,2787,2789,2791,2793,2795,2797,2799,2801,2891&#8243; img_size=&#8221;300&#215;300&#8243;][\/vc_column][vc_column width=&#8221;1\/3&#8243; el_class=&#8221;desc-portafoli&#8221;][vc_custom_heading source=&#8221;post_title&#8221; font_container=&#8221;tag:h1|text_align:left|color:%230a0a0a&#8221; use_theme_fonts=&#8221;yes&#8221;][vc_column_text el_class=&#8221;big&#8221;] Barcelona Rehabilitaci\u00f3n de fachada Arquitectura y Construcci\u00f3n [\/vc_column_text][vc_column_text] La rehabilitaci\u00f3n de esta<span class=\"excerpt-hellip\"> [\u2026]<\/span><\/div><\/div><\/div><\/li><li class=\"portfolio-item isotope-item category-arquitectura category-arquitectura-tecnica category-construccio category-reforma-interior  has-thumbnail\"><div class=\"portfolio-item-fw-bg\" style=\"\"><div class=\"portfolio-item-fill\"><\/div><div class=\"list_style_header\"><h3 class=\"entry-title\" itemprop=\"headline\"><a class=\"link\" href=\"http:\/\/cobame.net\/es\/proyecto\/estudi-cobame-arquitectura\/\">ESTUDIO COBAME ARQUITECTURA<\/a><\/h3><div class=\"links_wrapper\"><a href=\"#\" class=\"button the-icon portfolio_prev_js\"><span class=\"button_icon\"><i class=\"icon-up-open\"><\/i><\/span><\/a><a href=\"#\" class=\"button the-icon portfolio_next_js\"><span class=\"button_icon\"><i class=\"icon-down-open\"><\/i><\/span><\/a><a href=\"http:\/\/cobame.net\/es\/proyecto\/estudi-cobame-arquitectura\/\" class=\"button button_theme has-icon\"><span class=\"button_icon\"><i class=\"icon-link\"><\/i><\/span><span class=\"button_label\">Read more<\/span><\/a><\/div><\/div><div class=\"image_frame scale-with-grid\"><div class=\"image_wrapper\"><a href=\"http:\/\/cobame.net\/es\/proyecto\/estudi-cobame-arquitectura\/\"><div class=\"mask\"><\/div><img width=\"600\" height=\"600\" src=\"http:\/\/cobame.net\/wp-content\/uploads\/2018\/08\/Cobame1-600x600.jpg\" class=\"scale-with-grid wp-post-image\" alt=\"\" loading=\"lazy\" srcset=\"http:\/\/cobame.net\/wp-content\/uploads\/2018\/08\/Cobame1-600x600.jpg 600w, http:\/\/cobame.net\/wp-content\/uploads\/2018\/08\/Cobame1-150x150.jpg 150w, http:\/\/cobame.net\/wp-content\/uploads\/2018\/08\/Cobame1-85x85.jpg 85w, http:\/\/cobame.net\/wp-content\/uploads\/2018\/08\/Cobame1-80x80.jpg 80w, http:\/\/cobame.net\/wp-content\/uploads\/2018\/08\/Cobame1-800x800.jpg 800w\" sizes=\"(max-width: 600px) 100vw, 600px\" \/><\/a><div class=\"image_links hover-title\"><a href=\"http:\/\/cobame.net\/es\/proyecto\/estudi-cobame-arquitectura\/\">ESTUDIO COBAME ARQUITECTURA<\/a><\/div><\/div><\/div><div class=\"desc\"><div class=\"title_wrapper\"><h5 class=\"entry-title\" itemprop=\"headline\"><a class=\"link\" href=\"http:\/\/cobame.net\/es\/proyecto\/estudi-cobame-arquitectura\/\">ESTUDIO COBAME ARQUITECTURA<\/a><\/h5><div class=\"button-love\"><\/div><\/div><div class=\"details-wrapper\"><dl><\/dl><\/div><div class=\"desc-wrapper\">[vc_row][vc_column width=&#8221;2\/3&#8243; el_class=&#8221;col-1&#8243;][vc_single_image source=&#8221;featured_image&#8221; img_size=&#8221;full&#8221; onclick=&#8221;link_image&#8221;][\/vc_column][vc_column width=&#8221;1\/3&#8243; el_class=&#8221;desc-portafoli&#8221;][vc_custom_heading source=&#8221;post_title&#8221; font_container=&#8221;tag:h1|text_align:left|color:%230a0a0a&#8221; use_theme_fonts=&#8221;yes&#8221;][vc_column_text el_class=&#8221;big&#8221;] Badalona Reforma interior Arquitectura y Construcci\u00f3n [\/vc_column_text][vc_column_text] Nuestro estudio se encuentra en la planta<span class=\"excerpt-hellip\"> [\u2026]<\/span><\/div><\/div><\/div><\/li><li class=\"portfolio-item isotope-item  has-thumbnail\"><div class=\"portfolio-item-fw-bg\" style=\"\"><div class=\"portfolio-item-fill\"><\/div><div class=\"list_style_header\"><h3 class=\"entry-title\" itemprop=\"headline\"><a class=\"link\" href=\"http:\/\/cobame.net\/es\/proyecto\/casa-molins\/\">CASA MOLINS<\/a><\/h3><div class=\"links_wrapper\"><a href=\"#\" class=\"button the-icon portfolio_prev_js\"><span class=\"button_icon\"><i class=\"icon-up-open\"><\/i><\/span><\/a><a href=\"#\" class=\"button the-icon portfolio_next_js\"><span class=\"button_icon\"><i class=\"icon-down-open\"><\/i><\/span><\/a><a href=\"http:\/\/cobame.net\/es\/proyecto\/casa-molins\/\" class=\"button button_theme has-icon\"><span class=\"button_icon\"><i class=\"icon-link\"><\/i><\/span><span class=\"button_label\">Read more<\/span><\/a><\/div><\/div><div class=\"image_frame scale-with-grid\"><div class=\"image_wrapper\"><a href=\"http:\/\/cobame.net\/es\/proyecto\/casa-molins\/\"><div class=\"mask\"><\/div><img width=\"600\" height=\"600\" src=\"http:\/\/cobame.net\/wp-content\/uploads\/2018\/08\/4-600x600.jpg\" class=\"scale-with-grid wp-post-image\" alt=\"\" loading=\"lazy\" srcset=\"http:\/\/cobame.net\/wp-content\/uploads\/2018\/08\/4-600x600.jpg 600w, http:\/\/cobame.net\/wp-content\/uploads\/2018\/08\/4-150x150.jpg 150w, http:\/\/cobame.net\/wp-content\/uploads\/2018\/08\/4-85x85.jpg 85w, http:\/\/cobame.net\/wp-content\/uploads\/2018\/08\/4-80x80.jpg 80w\" sizes=\"(max-width: 600px) 100vw, 600px\" \/><\/a><div class=\"image_links hover-title\"><a href=\"http:\/\/cobame.net\/es\/proyecto\/casa-molins\/\">CASA MOLINS<\/a><\/div><\/div><\/div><div class=\"desc\"><div class=\"title_wrapper\"><h5 class=\"entry-title\" itemprop=\"headline\"><a class=\"link\" href=\"http:\/\/cobame.net\/es\/proyecto\/casa-molins\/\">CASA MOLINS<\/a><\/h5><div class=\"button-love\"><\/div><\/div><div class=\"details-wrapper\"><dl><\/dl><\/div><div class=\"desc-wrapper\">[vc_row][vc_column width=&#8221;2\/3&#8243;][vc_single_image source=&#8221;featured_image&#8221; img_size=&#8221;full&#8221; onclick=&#8221;link_image&#8221;][\/vc_column][vc_column width=&#8221;1\/3&#8243; el_class=&#8221;desc-portafoli&#8221;][vc_custom_heading source=&#8221;post_title&#8221; font_container=&#8221;tag:h1|text_align:left|color:%230a0a0a&#8221; use_theme_fonts=&#8221;yes&#8221;][vc_column_text el_class=&#8221;big&#8221;] Sant Vicen\u00e7 de Montalt Obra nova Arquitectura T\u00e9cnica y Construcci\u00f3n [\/vc_column_text][vc_column_text] La volumetr\u00eda de esta<span class=\"excerpt-hellip\"> [\u2026]<\/span><\/div><\/div><\/div><\/li><li class=\"portfolio-item isotope-item category-arquitectura category-arquitectura-tecnica category-construccio category-obra-nova  has-thumbnail\"><div class=\"portfolio-item-fw-bg\" style=\"\"><div class=\"portfolio-item-fill\"><\/div><div class=\"list_style_header\"><h3 class=\"entry-title\" itemprop=\"headline\"><a class=\"link\" href=\"http:\/\/cobame.net\/es\/proyecto\/entre-mitgeres\/\">ENTRE MEDIANERAS<\/a><\/h3><div class=\"links_wrapper\"><a href=\"#\" class=\"button the-icon portfolio_prev_js\"><span class=\"button_icon\"><i class=\"icon-up-open\"><\/i><\/span><\/a><a href=\"#\" class=\"button the-icon portfolio_next_js\"><span class=\"button_icon\"><i class=\"icon-down-open\"><\/i><\/span><\/a><a href=\"http:\/\/cobame.net\/es\/proyecto\/entre-mitgeres\/\" class=\"button button_theme has-icon\"><span class=\"button_icon\"><i class=\"icon-link\"><\/i><\/span><span class=\"button_label\">Read more<\/span><\/a><\/div><\/div><div class=\"image_frame scale-with-grid\"><div class=\"image_wrapper\"><a href=\"http:\/\/cobame.net\/es\/proyecto\/entre-mitgeres\/\"><div class=\"mask\"><\/div><img width=\"600\" height=\"600\" src=\"http:\/\/cobame.net\/wp-content\/uploads\/2018\/08\/1-2-600x600.jpg\" class=\"scale-with-grid wp-post-image\" alt=\"\" loading=\"lazy\" srcset=\"http:\/\/cobame.net\/wp-content\/uploads\/2018\/08\/1-2-600x600.jpg 600w, http:\/\/cobame.net\/wp-content\/uploads\/2018\/08\/1-2-150x150.jpg 150w, http:\/\/cobame.net\/wp-content\/uploads\/2018\/08\/1-2-85x85.jpg 85w, http:\/\/cobame.net\/wp-content\/uploads\/2018\/08\/1-2-80x80.jpg 80w, http:\/\/cobame.net\/wp-content\/uploads\/2018\/08\/1-2-800x800.jpg 800w\" sizes=\"(max-width: 600px) 100vw, 600px\" \/><\/a><div class=\"image_links hover-title\"><a href=\"http:\/\/cobame.net\/es\/proyecto\/entre-mitgeres\/\">ENTRE MEDIANERAS<\/a><\/div><\/div><\/div><div class=\"desc\"><div class=\"title_wrapper\"><h5 class=\"entry-title\" itemprop=\"headline\"><a class=\"link\" href=\"http:\/\/cobame.net\/es\/proyecto\/entre-mitgeres\/\">ENTRE MEDIANERAS<\/a><\/h5><div class=\"button-love\"><\/div><\/div><div class=\"details-wrapper\"><dl><\/dl><\/div><div class=\"desc-wrapper\">[vc_row][vc_column width=&#8221;2\/3&#8243;][vc_single_image source=&#8221;featured_image&#8221; img_size=&#8221;2000&#215;1500&#8243; onclick=&#8221;link_image&#8221;][\/vc_column][vc_column width=&#8221;1\/3&#8243; el_class=&#8221;desc-portafoli&#8221;][vc_custom_heading source=&#8221;post_title&#8221; font_container=&#8221;tag:h1|text_align:left|color:%230a0a0a&#8221; use_theme_fonts=&#8221;yes&#8221;][vc_column_text el_class=&#8221;big&#8221;] Badalona Obra nova Arquitectura T\u00e9cnica y Construcci\u00f3n [\/vc_column_text][vc_column_text] El dise\u00f1o de esta vivienda enfatiza la<span class=\"excerpt-hellip\"> [\u2026]<\/span><\/div><\/div><\/div><\/li><\/ul><\/div>\n<\/div>\n[\/vc_column][\/vc_row]<\/p>\n","protected":false},"excerpt":{"rendered":"<p>[vc_row][vc_column][\/vc_column][\/vc_row]<\/p>\n","protected":false},"author":2,"featured_media":0,"parent":0,"menu_order":0,"comment_status":"open","ping_status":"open","template":"template-portfolio.php","meta":[],"_links":{"self":[{"href":"http:\/\/cobame.net\/es\/wp-json\/wp\/v2\/pages\/2584"}],"collection":[{"href":"http:\/\/cobame.net\/es\/wp-json\/wp\/v2\/pages"}],"about":[{"href":"http:\/\/cobame.net\/es\/wp-json\/wp\/v2\/types\/page"}],"author":[{"embeddable":true,"href":"http:\/\/cobame.net\/es\/wp-json\/wp\/v2\/users\/2"}],"replies":[{"embeddable":true,"href":"http:\/\/cobame.net\/es\/wp-json\/wp\/v2\/comments?post=2584"}],"version-history":[{"count":2,"href":"http:\/\/cobame.net\/es\/wp-json\/wp\/v2\/pages\/2584\/revisions"}],"predecessor-version":[{"id":3106,"href":"http:\/\/cobame.net\/es\/wp-json\/wp\/v2\/pages\/2584\/revisions\/3106"}],"wp:attachment":[{"href":"http:\/\/cobame.net\/es\/wp-json\/wp\/v2\/media?parent=2584"}],"curies":[{"name":"wp","href":"https:\/\/api.w.org\/{rel}","templated":true}]}}